{"id":8810,"date":"2022-07-05T14:56:44","date_gmt":"2022-07-05T18:56:44","guid":{"rendered":"https:\/\/tableaineslaval.ca\/our-members\/"},"modified":"2022-12-20T05:47:23","modified_gmt":"2022-12-20T10:47:23","slug":"our-members","status":"publish","type":"page","link":"https:\/\/tableaineslaval.ca\/en\/the-trcal\/our-members\/","title":{"rendered":"Our members"},"content":{"rendered":"\t\t<div data-elementor-type=\"wp-post\" data-elementor-id=\"8810\" class=\"elementor elementor-8810 elementor-8808\" data-elementor-settings=\"{&quot;ha_cmc_init_switcher&quot;:&quot;no&quot;}\" data-elementor-post-type=\"page\">\n\t\t\t\t\t\t<section class=\"elementor-section elementor-top-section elementor-element elementor-element-0adc21e elementor-section-full_width elementor-section-content-middle elementor-section-height-default elementor-section-height-default\" data-id=\"0adc21e\" data-element_type=\"section\" data-e-type=\"section\" id=\"header-image-hero\" data-settings=\"{&quot;background_background&quot;:&quot;classic&quot;,&quot;_ha_eqh_enable&quot;:false}\">\n\t\t\t\t\t\t<div class=\"elementor-container elementor-column-gap-default\">\n\t\t\t\t\t<div class=\"elementor-column elementor-col-50 elementor-top-column elementor-element elementor-element-9f95c46 header-text-hero\" data-id=\"9f95c46\" data-element_type=\"column\" data-e-type=\"column\" data-settings=\"{&quot;background_background&quot;:&quot;classic&quot;}\">\n\t\t\t<div class=\"elementor-widget-wrap elementor-element-populated\">\n\t\t\t\t\t\t<div class=\"elementor-element elementor-element-820efeb elementor-hidden-desktop elementor-hidden-tablet elementor-widget elementor-widget-heading\" data-id=\"820efeb\" data-element_type=\"widget\" data-e-type=\"widget\" data-widget_type=\"heading.default\">\n\t\t\t\t<div class=\"elementor-widget-container\">\n\t\t\t\t\t<h2 class=\"elementor-heading-title elementor-size-default\">About the TRCAL<\/h2>\t\t\t\t<\/div>\n\t\t\t\t<\/div>\n\t\t\t\t<div class=\"elementor-element elementor-element-99c90e8 elementor-widget__width-initial elementor-widget-tablet__width-auto elementor-widget-mobile__width-auto elementor-hidden-mobile elementor-invisible elementor-widget elementor-widget-heading\" data-id=\"99c90e8\" data-element_type=\"widget\" data-e-type=\"widget\" data-settings=\"{&quot;_animation&quot;:&quot;fadeInLeft&quot;}\" data-widget_type=\"heading.default\">\n\t\t\t\t<div class=\"elementor-widget-container\">\n\t\t\t\t\t<h2 class=\"elementor-heading-title elementor-size-default\">About the TRCAL<\/h2>\t\t\t\t<\/div>\n\t\t\t\t<\/div>\n\t\t\t\t\t<\/div>\n\t\t<\/div>\n\t\t\t\t<div class=\"elementor-column elementor-col-50 elementor-top-column elementor-element elementor-element-cfa3dc1 elementor-hidden-tablet elementor-hidden-mobile\" data-id=\"cfa3dc1\" data-element_type=\"column\" data-e-type=\"column\">\n\t\t\t<div class=\"elementor-widget-wrap\">\n\t\t\t\t\t\t\t<\/div>\n\t\t<\/div>\n\t\t\t\t\t<\/div>\n\t\t<\/section>\n\t\t\t\t<section class=\"elementor-section elementor-top-section elementor-element elementor-element-5fd911e elementor-section-full_width elementor-section-content-top elementor-hidden-desktop elementor-section-height-default elementor-section-height-default\" data-id=\"5fd911e\" data-element_type=\"section\" data-e-type=\"section\">\n\t\t\t\t\t\t<div class=\"elementor-container elementor-column-gap-default\">\n\t\t\t\t\t<div class=\"elementor-column elementor-col-100 elementor-top-column elementor-element elementor-element-b6eab9b\" data-id=\"b6eab9b\" data-element_type=\"column\" data-e-type=\"column\" data-settings=\"{&quot;background_background&quot;:&quot;classic&quot;}\">\n\t\t\t<div class=\"elementor-widget-wrap elementor-element-populated\">\n\t\t\t\t\t\t<div class=\"elementor-element elementor-element-73f7dec elementor-nav-menu__align-center elementor-nav-menu--dropdown-mobile elementor-nav-menu--stretch elementor-nav-menu__text-align-center elementor-hidden-desktop menu-w-height menu-item-borders elementor-widget elementor-widget-nav-menu\" data-id=\"73f7dec\" data-element_type=\"widget\" data-e-type=\"widget\" data-settings=\"{&quot;layout&quot;:&quot;vertical&quot;,&quot;full_width&quot;:&quot;stretch&quot;,&quot;submenu_icon&quot;:{&quot;value&quot;:&quot;&lt;i class=\\&quot;fas fa-caret-down\\&quot; aria-hidden=\\&quot;true\\&quot;&gt;&lt;\\\/i&gt;&quot;,&quot;library&quot;:&quot;fa-solid&quot;}}\" data-widget_type=\"nav-menu.default\">\n\t\t\t\t<div class=\"elementor-widget-container\">\n\t\t\t\t\t\t\t\t<nav aria-label=\"Menu\" class=\"elementor-nav-menu--main elementor-nav-menu__container elementor-nav-menu--layout-vertical e--pointer-text e--animation-none\">\n\t\t\t\t<ul id=\"menu-1-73f7dec\" class=\"elementor-nav-menu sm-vertical\"><li class=\"menu-item menu-item-type-custom menu-item-object-custom menu-item-13819\"><a href=\"https:\/\/tableaineslaval.ca\/en\/the-trcal\/#the_trcal\" class=\"elementor-item elementor-item-anchor menu-link\">TRCAL<\/a><\/li>\n<li class=\"menu-item menu-item-type-custom menu-item-object-custom menu-item-13820\"><a href=\"https:\/\/tableaineslaval.ca\/en\/the-trcal\/mandates-action-plans-and-regulations\/#our_mandates\" class=\"elementor-item elementor-item-anchor menu-link\">Mandates, Action Plans and Regulations<\/a><\/li>\n<li class=\"menu-item menu-item-type-custom menu-item-object-custom menu-item-13821\"><a href=\"https:\/\/tableaineslaval.ca\/en\/the-trcal\/consultation-reports\/#reports\" class=\"elementor-item elementor-item-anchor menu-link\">Consultation Reports<\/a><\/li>\n<li class=\"menu-item menu-item-type-post_type menu-item-object-page menu-item-15894\"><a href=\"https:\/\/tableaineslaval.ca\/en\/the-trcal\/annual-reports\/\" class=\"elementor-item menu-link\">Annual reports<\/a><\/li>\n<li class=\"menu-item menu-item-type-custom menu-item-object-custom menu-item-13822\"><a href=\"https:\/\/tableaineslaval.ca\/en\/the-trcal\/the-team\/#team\" class=\"elementor-item elementor-item-anchor menu-link\">The Team<\/a><\/li>\n<li class=\"menu-item menu-item-type-custom menu-item-object-custom menu-item-13823\"><a href=\"https:\/\/tableaineslaval.ca\/en\/the-trcal\/our-members\/#members\" class=\"elementor-item elementor-item-anchor menu-link\">Our Members<\/a><\/li>\n<li class=\"menu-item menu-item-type-custom menu-item-object-custom menu-item-13824\"><a href=\"https:\/\/tableaineslaval.ca\/en\/the-trcal\/become-a-member\/#become_member\" class=\"elementor-item elementor-item-anchor menu-link\">Becoming a Member<\/a><\/li>\n<\/ul>\t\t\t<\/nav>\n\t\t\t\t\t\t<nav class=\"elementor-nav-menu--dropdown elementor-nav-menu__container\" aria-hidden=\"true\">\n\t\t\t\t<ul id=\"menu-2-73f7dec\" class=\"elementor-nav-menu sm-vertical\"><li class=\"menu-item menu-item-type-custom menu-item-object-custom menu-item-13819\"><a href=\"https:\/\/tableaineslaval.ca\/en\/the-trcal\/#the_trcal\" class=\"elementor-item elementor-item-anchor menu-link\" tabindex=\"-1\">TRCAL<\/a><\/li>\n<li class=\"menu-item menu-item-type-custom menu-item-object-custom menu-item-13820\"><a href=\"https:\/\/tableaineslaval.ca\/en\/the-trcal\/mandates-action-plans-and-regulations\/#our_mandates\" class=\"elementor-item elementor-item-anchor menu-link\" tabindex=\"-1\">Mandates, Action Plans and Regulations<\/a><\/li>\n<li class=\"menu-item menu-item-type-custom menu-item-object-custom menu-item-13821\"><a href=\"https:\/\/tableaineslaval.ca\/en\/the-trcal\/consultation-reports\/#reports\" class=\"elementor-item elementor-item-anchor menu-link\" tabindex=\"-1\">Consultation Reports<\/a><\/li>\n<li class=\"menu-item menu-item-type-post_type menu-item-object-page menu-item-15894\"><a href=\"https:\/\/tableaineslaval.ca\/en\/the-trcal\/annual-reports\/\" class=\"elementor-item menu-link\" tabindex=\"-1\">Annual reports<\/a><\/li>\n<li class=\"menu-item menu-item-type-custom menu-item-object-custom menu-item-13822\"><a href=\"https:\/\/tableaineslaval.ca\/en\/the-trcal\/the-team\/#team\" class=\"elementor-item elementor-item-anchor menu-link\" tabindex=\"-1\">The Team<\/a><\/li>\n<li class=\"menu-item menu-item-type-custom menu-item-object-custom menu-item-13823\"><a href=\"https:\/\/tableaineslaval.ca\/en\/the-trcal\/our-members\/#members\" class=\"elementor-item elementor-item-anchor menu-link\" tabindex=\"-1\">Our Members<\/a><\/li>\n<li class=\"menu-item menu-item-type-custom menu-item-object-custom menu-item-13824\"><a href=\"https:\/\/tableaineslaval.ca\/en\/the-trcal\/become-a-member\/#become_member\" class=\"elementor-item elementor-item-anchor menu-link\" tabindex=\"-1\">Becoming a Member<\/a><\/li>\n<\/ul>\t\t\t<\/nav>\n\t\t\t\t\t\t<\/div>\n\t\t\t\t<\/div>\n\t\t\t\t\t<\/div>\n\t\t<\/div>\n\t\t\t\t\t<\/div>\n\t\t<\/section>\n\t\t\t\t<section class=\"elementor-section elementor-top-section elementor-element elementor-element-34bfad1 elementor-section-full_width elementor-section-height-default elementor-section-height-default\" data-id=\"34bfad1\" data-element_type=\"section\" data-e-type=\"section\" id=\"quic_sommes_nous\" data-settings=\"{&quot;background_background&quot;:&quot;classic&quot;,&quot;_ha_eqh_enable&quot;:false}\">\n\t\t\t\t\t\t<div class=\"elementor-container elementor-column-gap-no\">\n\t\t\t\t\t<div class=\"elementor-column elementor-col-50 elementor-top-column elementor-element elementor-element-8005d53 elementor-hidden-tablet elementor-hidden-mobile col_sticky\" data-id=\"8005d53\" data-element_type=\"column\" data-e-type=\"column\" data-settings=\"{&quot;background_background&quot;:&quot;classic&quot;}\">\n\t\t\t<div class=\"elementor-widget-wrap elementor-element-populated\">\n\t\t\t\t\t\t<div class=\"elementor-element elementor-element-b4897e0 elementor-nav-menu__align-start elementor-widget__width-initial nav-menu-sidebar elementor-hidden-tablet elementor-hidden-mobile elementor-nav-menu--dropdown-tablet elementor-nav-menu__text-align-aside elementor-nav-menu--toggle elementor-nav-menu--burger elementor-widget elementor-widget-nav-menu\" data-id=\"b4897e0\" data-element_type=\"widget\" data-e-type=\"widget\" data-settings=\"{&quot;layout&quot;:&quot;vertical&quot;,&quot;submenu_icon&quot;:{&quot;value&quot;:&quot;&lt;i class=\\&quot;fas fa-caret-down\\&quot; aria-hidden=\\&quot;true\\&quot;&gt;&lt;\\\/i&gt;&quot;,&quot;library&quot;:&quot;fa-solid&quot;},&quot;toggle&quot;:&quot;burger&quot;}\" data-widget_type=\"nav-menu.default\">\n\t\t\t\t<div class=\"elementor-widget-container\">\n\t\t\t\t\t\t\t\t<nav aria-label=\"Menu\" class=\"elementor-nav-menu--main elementor-nav-menu__container elementor-nav-menu--layout-vertical e--pointer-text e--animation-none\">\n\t\t\t\t<ul id=\"menu-1-b4897e0\" class=\"elementor-nav-menu sm-vertical\"><li class=\"menu-item menu-item-type-custom menu-item-object-custom menu-item-13819\"><a href=\"https:\/\/tableaineslaval.ca\/en\/the-trcal\/#the_trcal\" class=\"elementor-item elementor-item-anchor menu-link\">TRCAL<\/a><\/li>\n<li class=\"menu-item menu-item-type-custom menu-item-object-custom menu-item-13820\"><a href=\"https:\/\/tableaineslaval.ca\/en\/the-trcal\/mandates-action-plans-and-regulations\/#our_mandates\" class=\"elementor-item elementor-item-anchor menu-link\">Mandates, Action Plans and Regulations<\/a><\/li>\n<li class=\"menu-item menu-item-type-custom menu-item-object-custom menu-item-13821\"><a href=\"https:\/\/tableaineslaval.ca\/en\/the-trcal\/consultation-reports\/#reports\" class=\"elementor-item elementor-item-anchor menu-link\">Consultation Reports<\/a><\/li>\n<li class=\"menu-item menu-item-type-post_type menu-item-object-page menu-item-15894\"><a href=\"https:\/\/tableaineslaval.ca\/en\/the-trcal\/annual-reports\/\" class=\"elementor-item menu-link\">Annual reports<\/a><\/li>\n<li class=\"menu-item menu-item-type-custom menu-item-object-custom menu-item-13822\"><a href=\"https:\/\/tableaineslaval.ca\/en\/the-trcal\/the-team\/#team\" class=\"elementor-item elementor-item-anchor menu-link\">The Team<\/a><\/li>\n<li class=\"menu-item menu-item-type-custom menu-item-object-custom menu-item-13823\"><a href=\"https:\/\/tableaineslaval.ca\/en\/the-trcal\/our-members\/#members\" class=\"elementor-item elementor-item-anchor menu-link\">Our Members<\/a><\/li>\n<li class=\"menu-item menu-item-type-custom menu-item-object-custom menu-item-13824\"><a href=\"https:\/\/tableaineslaval.ca\/en\/the-trcal\/become-a-member\/#become_member\" class=\"elementor-item elementor-item-anchor menu-link\">Becoming a Member<\/a><\/li>\n<\/ul>\t\t\t<\/nav>\n\t\t\t\t\t<div class=\"elementor-menu-toggle\" role=\"button\" tabindex=\"0\" aria-label=\"Menu Toggle\" aria-expanded=\"false\">\n\t\t\t<i aria-hidden=\"true\" role=\"presentation\" class=\"elementor-menu-toggle__icon--open eicon-menu-bar\"><\/i><i aria-hidden=\"true\" role=\"presentation\" class=\"elementor-menu-toggle__icon--close eicon-close\"><\/i>\t\t<\/div>\n\t\t\t\t\t<nav class=\"elementor-nav-menu--dropdown elementor-nav-menu__container\" aria-hidden=\"true\">\n\t\t\t\t<ul id=\"menu-2-b4897e0\" class=\"elementor-nav-menu sm-vertical\"><li class=\"menu-item menu-item-type-custom menu-item-object-custom menu-item-13819\"><a href=\"https:\/\/tableaineslaval.ca\/en\/the-trcal\/#the_trcal\" class=\"elementor-item elementor-item-anchor menu-link\" tabindex=\"-1\">TRCAL<\/a><\/li>\n<li class=\"menu-item menu-item-type-custom menu-item-object-custom menu-item-13820\"><a href=\"https:\/\/tableaineslaval.ca\/en\/the-trcal\/mandates-action-plans-and-regulations\/#our_mandates\" class=\"elementor-item elementor-item-anchor menu-link\" tabindex=\"-1\">Mandates, Action Plans and Regulations<\/a><\/li>\n<li class=\"menu-item menu-item-type-custom menu-item-object-custom menu-item-13821\"><a href=\"https:\/\/tableaineslaval.ca\/en\/the-trcal\/consultation-reports\/#reports\" class=\"elementor-item elementor-item-anchor menu-link\" tabindex=\"-1\">Consultation Reports<\/a><\/li>\n<li class=\"menu-item menu-item-type-post_type menu-item-object-page menu-item-15894\"><a href=\"https:\/\/tableaineslaval.ca\/en\/the-trcal\/annual-reports\/\" class=\"elementor-item menu-link\" tabindex=\"-1\">Annual reports<\/a><\/li>\n<li class=\"menu-item menu-item-type-custom menu-item-object-custom menu-item-13822\"><a href=\"https:\/\/tableaineslaval.ca\/en\/the-trcal\/the-team\/#team\" class=\"elementor-item elementor-item-anchor menu-link\" tabindex=\"-1\">The Team<\/a><\/li>\n<li class=\"menu-item menu-item-type-custom menu-item-object-custom menu-item-13823\"><a href=\"https:\/\/tableaineslaval.ca\/en\/the-trcal\/our-members\/#members\" class=\"elementor-item elementor-item-anchor menu-link\" tabindex=\"-1\">Our Members<\/a><\/li>\n<li class=\"menu-item menu-item-type-custom menu-item-object-custom menu-item-13824\"><a href=\"https:\/\/tableaineslaval.ca\/en\/the-trcal\/become-a-member\/#become_member\" class=\"elementor-item elementor-item-anchor menu-link\" tabindex=\"-1\">Becoming a Member<\/a><\/li>\n<\/ul>\t\t\t<\/nav>\n\t\t\t\t\t\t<\/div>\n\t\t\t\t<\/div>\n\t\t\t\t\t<\/div>\n\t\t<\/div>\n\t\t\t\t<div class=\"elementor-column elementor-col-50 elementor-top-column elementor-element elementor-element-3a06181 latrcal-page \" data-id=\"3a06181\" data-element_type=\"column\" data-e-type=\"column\">\n\t\t\t<div class=\"elementor-widget-wrap elementor-element-populated\">\n\t\t\t\t\t\t<div class=\"elementor-element elementor-element-0d8f2b6 elementor-absolute elementor-widget elementor-widget-menu-anchor\" data-id=\"0d8f2b6\" data-element_type=\"widget\" data-e-type=\"widget\" data-settings=\"{&quot;_position&quot;:&quot;absolute&quot;}\" data-widget_type=\"menu-anchor.default\">\n\t\t\t\t<div class=\"elementor-widget-container\">\n\t\t\t\t\t\t\t<div class=\"elementor-menu-anchor\" id=\"members\"><\/div>\n\t\t\t\t\t\t<\/div>\n\t\t\t\t<\/div>\n\t\t\t\t<div class=\"elementor-element elementor-element-c954db5 elementor-invisible elementor-widget elementor-widget-heading\" data-id=\"c954db5\" data-element_type=\"widget\" data-e-type=\"widget\" data-settings=\"{&quot;_animation&quot;:&quot;fadeIn&quot;}\" data-widget_type=\"heading.default\">\n\t\t\t\t<div class=\"elementor-widget-container\">\n\t\t\t\t\t<h2 class=\"elementor-heading-title elementor-size-default\">The TRCAL member organizations<\/h2>\t\t\t\t<\/div>\n\t\t\t\t<\/div>\n\t\t\t\t<div class=\"elementor-element elementor-element-ad9ac14 elementor-widget-divider--view-line elementor-widget elementor-widget-divider\" data-id=\"ad9ac14\" data-element_type=\"widget\" data-e-type=\"widget\" data-widget_type=\"divider.default\">\n\t\t\t\t<div class=\"elementor-widget-container\">\n\t\t\t\t\t\t\t<div class=\"elementor-divider\">\n\t\t\t<span class=\"elementor-divider-separator\">\n\t\t\t\t\t\t<\/span>\n\t\t<\/div>\n\t\t\t\t\t\t<\/div>\n\t\t\t\t<\/div>\n\t\t\t\t<div class=\"elementor-element elementor-element-17eda0d elementor-widget elementor-widget-shortcode\" data-id=\"17eda0d\" data-element_type=\"widget\" data-e-type=\"widget\" data-widget_type=\"shortcode.default\">\n\t\t\t\t<div class=\"elementor-widget-container\">\n\t\t\t\t\t<div class=\"services-grid-item\">\n\n   <div class=\"grid-body\">\n\t\t<p class=\"grid-title\">\n\t\t \t<a href=\"https:\/\/www.altalaval-ass.org\" target=\"_blank\" class=\"m-0 p-0 cbp-l-grid-projects-title\" rel=\"noopener\">ALTA (Association lavalloise pour le transport adapt\u00e9)<\/a>\n\t\t<\/p>\n\t   \n\t\t<p class=\"grid-data\">\n\t\t La mission de l\u2019Association Lavalloise pour le Transport Adapt\u00e9 (ALTA) est de d\u00e9fendre les droits et promouvoir les int\u00e9r\u00eats des usagers du transport adapt\u00e9 aupr\u00e8s des organismes responsables ou int\u00e9ress\u00e9s et de la population en g\u00e9n\u00e9ral par voie de repr\u00e9sentations, n\u00e9gociations, pressions ou tout autre moyen jug\u00e9 convenable par la Corporation.\t\t<\/p>\n\t   \n\t\t\n\t\t<p class=\"grid-data-set\">\n\t\t\t<a class=\"grid-data\" href=\"tel:450 933-6101\">\n\t\t\t\t<i class=\"fas fa-phone-volume\"><\/i>450 933-6101\t\t\t<\/a>\n\n\t\t\t<a class=\"grid-data\" href=\"https:\/\/www.altalaval-ass.org\" target=\"_blank\" rel=\"noopener\">\n\t\t\t\t<i class=\"fas fa-globe\"><\/i>Voir le site web\n\t\t\t<\/a>\n\t\t<\/p>\n\t  \n   <\/div>\n\n   \t<div class=\"grid-img-container\">\n\t\t<a href=\"https:\/\/tableaineslaval.ca\/en\/organizer\/alta-association-lavalloise-pour-le-transport-adapte\/\">\n\t\t<img decoding=\"async\" src=\"https:\/\/tableaineslaval.ca\/wp-content\/uploads\/2022\/06\/Alta_LogoFina.jpg\">\n\t\t<\/a>\n\t<\/div>\n   \t\n<\/div><div class=\"services-grid-item\">\n\n   <div class=\"grid-body\">\n\t\t<p class=\"grid-title\">\n\t\t \t<a href=\"https:\/\/www.aparl.org\" target=\"_blank\" class=\"m-0 p-0 cbp-l-grid-projects-title\" rel=\"noopener\">APARL (Association pour a\u00een\u00e9s r\u00e9sidant \u00e0 Laval)<\/a>\n\t\t<\/p>\n\t   \n\t\t<p class=\"grid-data\">\n\t\t L'APARL est un organisme communautaire pour a\u00een\u00e9s offrant aux personnes \u00e2g\u00e9es de 50 ans et plus un lieu d'int\u00e9gration sociale, des services et des ressources n\u00e9cessaires afin de briser l'isolement, conserver l'autonomie et favoriser le maintien \u00e0 domicile.\t\t<\/p>\n\t   \n\t\t\n\t\t<p class=\"grid-data-set\">\n\t\t\t<a class=\"grid-data\" href=\"tel:450 661-5252\">\n\t\t\t\t<i class=\"fas fa-phone-volume\"><\/i>450 661-5252\t\t\t<\/a>\n\n\t\t\t<a class=\"grid-data\" href=\"https:\/\/www.aparl.org\" target=\"_blank\" rel=\"noopener\">\n\t\t\t\t<i class=\"fas fa-globe\"><\/i>Voir le site web\n\t\t\t<\/a>\n\t\t<\/p>\n\t  \n   <\/div>\n\n   \t<div class=\"grid-img-container\">\n\t\t<a href=\"https:\/\/tableaineslaval.ca\/en\/organizer\/aparl-association-pour-aines-residant-a-laval\/\">\n\t\t<img decoding=\"async\" src=\"https:\/\/tableaineslaval.ca\/wp-content\/uploads\/2022\/06\/APARL-logo_sur_fond_blanc.jpg\">\n\t\t<\/a>\n\t<\/div>\n   \t\n<\/div><div class=\"services-grid-item\">\n\n   <div class=\"grid-body\">\n\t\t<p class=\"grid-title\">\n\t\t \t<a href=\"https:\/\/www.aqrp.ca\/regions\/laval\/accueil\" target=\"_blank\" class=\"m-0 p-0 cbp-l-grid-projects-title\" rel=\"noopener\">AQRP Conseil r\u00e9gional de Laval (Association qu\u00e9b\u00e9coise des retrait\u00e9s.es des secteurs public et parapublic<\/a>\n\t\t<\/p>\n\t   \n\t\t<p class=\"grid-data\">\n\t\t L\u2019Association qu\u00e9b\u00e9coise des retrait\u00e9(e)s des secteurs public et parapublic (AQRP) est la principale association repr\u00e9sentant l\u2019ensemble des retrait\u00e9s des secteurs public et parapublic au Qu\u00e9bec.\n\nElle accueille pr\u00e8s de 35 000 membres provenant principalement des gouvernements du Qu\u00e9bec et du Canada, des soci\u00e9t\u00e9s d\u2019\u00c9tat et des municipalit\u00e9s du Qu\u00e9bec, ainsi que des r\u00e9seaux qu\u00e9b\u00e9cois de la sant\u00e9 et de l\u2019\u00e9ducation.\n\n<em>L\u2019AQRP est un organisme sans but lucratif (OSBL).<\/em>\t\t<\/p>\n\t   \n\t\t\n\t\t<p class=\"grid-data-set\">\n\t\t\t<a class=\"grid-data\" href=\"tel:450-662-1525\">\n\t\t\t\t<i class=\"fas fa-phone-volume\"><\/i>450-662-1525\t\t\t<\/a>\n\n\t\t\t<a class=\"grid-data\" href=\"https:\/\/www.aqrp.ca\/regions\/laval\/accueil\" target=\"_blank\" rel=\"noopener\">\n\t\t\t\t<i class=\"fas fa-globe\"><\/i>Voir le site web\n\t\t\t<\/a>\n\t\t<\/p>\n\t  \n   <\/div>\n\n   \t<div class=\"grid-img-container\">\n\t\t<a href=\"https:\/\/tableaineslaval.ca\/en\/organizer\/aqrp-conseil-regional-de-laval-association-quebecoise-des-retraites-es-des-secteurs-public-et-parapublic\/\">\n\t\t<img decoding=\"async\" src=\"https:\/\/tableaineslaval.ca\/wp-content\/uploads\/2023\/06\/AQRP-Logo.jpg\">\n\t\t<\/a>\n\t<\/div>\n   \t\n<\/div><div class=\"services-grid-item\">\n\n   <div class=\"grid-body\">\n\t\t<p class=\"grid-title\">\n\t\t \t<a  target=\"_blank\" class=\"m-0 p-0 cbp-l-grid-projects-title\">Association des r\u00e9sidents du Bois\u00e9 Notre-Dame<\/a>\n\t\t<\/p>\n\t   \n\t\t<p class=\"grid-data\">\n\t\t Le mandat de l'association touche la s\u00e9curit\u00e9, la sant\u00e9 et le bien-\u00eatre des r\u00e9sidents.\t\t<\/p>\n\t   \n\t\t\n\t\t<p class=\"grid-data-set\">\n\t\t\t<a class=\"grid-data\" href=\"tel:450-781-5020\">\n\t\t\t\t<i class=\"fas fa-phone-volume\"><\/i>450-781-5020\t\t\t<\/a>\n\n\t\t\t<a class=\"grid-data\" href=\"\" target=\"_blank\">\n\t\t\t\t<i class=\"fas fa-globe\"><\/i>Voir le site web\n\t\t\t<\/a>\n\t\t<\/p>\n\t  \n   <\/div>\n\n   \t\n<\/div><div class=\"services-grid-item\">\n\n   <div class=\"grid-body\">\n\t\t<p class=\"grid-title\">\n\t\t \t<a href=\"http:\/\/www.placedesaines.org\" target=\"_blank\" class=\"m-0 p-0 cbp-l-grid-projects-title\" rel=\"noopener\">Axion 50 plus<\/a>\n\t\t<\/p>\n\t   \n\t\t<p class=\"grid-data\">\n\t\t Axion 50 plus offre aux personnes \u00e2g\u00e9es de 50 ans et plus une vari\u00e9t\u00e9 d'activit\u00e9s socioculturelles et sportives dans un environnement dynamique pour divertir, \u00e9duquer et informer, afin de promouvoir le d\u00e9veloppement personnel et social dans une atmosph\u00e8re humaine, conviviale et multiculturelle.\t\t<\/p>\n\t   \n\t\t\n\t\t<p class=\"grid-data-set\">\n\t\t\t<a class=\"grid-data\" href=\"tel:450 978-5555\">\n\t\t\t\t<i class=\"fas fa-phone-volume\"><\/i>450 978-5555\t\t\t<\/a>\n\n\t\t\t<a class=\"grid-data\" href=\"http:\/\/www.placedesaines.org\" target=\"_blank\" rel=\"noopener\">\n\t\t\t\t<i class=\"fas fa-globe\"><\/i>Voir le site web\n\t\t\t<\/a>\n\t\t<\/p>\n\t  \n   <\/div>\n\n   \t<div class=\"grid-img-container\">\n\t\t<a href=\"https:\/\/tableaineslaval.ca\/en\/organizer\/axion-50-plus\/\">\n\t\t<img decoding=\"async\" src=\"https:\/\/tableaineslaval.ca\/wp-content\/uploads\/2022\/06\/Axion-50-plus.png\">\n\t\t<\/a>\n\t<\/div>\n   \t\n<\/div><div class=\"services-grid-item\">\n\n   <div class=\"grid-body\">\n\t\t<p class=\"grid-title\">\n\t\t \t<a href=\"https:\/\/www.reseaucanopee.org\/fr\/\" target=\"_blank\" class=\"m-0 p-0 cbp-l-grid-projects-title\" rel=\"noopener\">Canop\u00e9e, le r\u00e9seau des bois de Laval<\/a>\n\t\t<\/p>\n\t   \n\t\t<p class=\"grid-data\">\n\t\t CANOP\u00c9E est un organisme \u00e0 but non lucratif dont la mission est de conserver, de rendre accessibles et de valoriser les milieux naturels par la protection, l\u2019\u00e9ducation et la plantation.\r\n\r\nNous travaillons de concert avec les organismes, les partenaires et les b\u00e9n\u00e9voles afin d\u2019offrir \u00e0 toute la communaut\u00e9 des activit\u00e9s ludiques et \u00e9ducatives en plein air. Nous souhaitons promouvoir une vie saine et active tout en sensibilisant notre collectivit\u00e9 \u00e0 la mise en valeur des milieux naturels bois\u00e9s.\t\t<\/p>\n\t   \n\t\t\t\t   <p class=\"grid-data\">\n\t\t\t <i class=\"fas fa-map-marker-alt\"><\/i> 49, rang de l'\u00c9querre Laval (QC) H7L 6A3\t\t\t<\/p>\n\t   \n\t\t<p class=\"grid-data-set\">\n\t\t\t<a class=\"grid-data\" href=\"tel:450-624-9696\">\n\t\t\t\t<i class=\"fas fa-phone-volume\"><\/i>450-624-9696\t\t\t<\/a>\n\n\t\t\t<a class=\"grid-data\" href=\"https:\/\/www.reseaucanopee.org\/fr\/\" target=\"_blank\" rel=\"noopener\">\n\t\t\t\t<i class=\"fas fa-globe\"><\/i>Voir le site web\n\t\t\t<\/a>\n\t\t<\/p>\n\t  \n   <\/div>\n\n   \t<div class=\"grid-img-container\">\n\t\t<a href=\"https:\/\/tableaineslaval.ca\/en\/organizer\/canopee-le-reseau-des-bois-de-laval\/\">\n\t\t<img decoding=\"async\" src=\"https:\/\/tableaineslaval.ca\/wp-content\/uploads\/2024\/11\/Canopee-Logo.jpg\">\n\t\t<\/a>\n\t<\/div>\n   \t\n<\/div><div class=\"services-grid-item\">\n\n   <div class=\"grid-body\">\n\t\t<p class=\"grid-title\">\n\t\t \t<a href=\"http:\/\/lecatal.ca\" target=\"_blank\" class=\"m-0 p-0 cbp-l-grid-projects-title\" rel=\"noopener\">CATAL (Comit\u00e9 d&#8217;animation du troisi\u00e8me \u00e2ge de Laval)<\/a>\n\t\t<\/p>\n\t   \n\t\t<p class=\"grid-data\">\n\t\t The Comit\u00e9 d'animation du troisi\u00e8me \u00e2ge de Laval (CATAL) is a non-profit organization that offers a place of belonging, mutual aid and commitment as well as services to people aged 50 and over in order to act in prevention on vulnerability factors and to contribute to maintain or regain their autonomy, break their isolation and improve their quality of life.\t\t<\/p>\n\t   \n\t\t\n\t\t<p class=\"grid-data-set\">\n\t\t\t<a class=\"grid-data\" href=\"tel:450 622-1228\">\n\t\t\t\t<i class=\"fas fa-phone-volume\"><\/i>450 622-1228\t\t\t<\/a>\n\n\t\t\t<a class=\"grid-data\" href=\"http:\/\/lecatal.ca\" target=\"_blank\" rel=\"noopener\">\n\t\t\t\t<i class=\"fas fa-globe\"><\/i>Voir le site web\n\t\t\t<\/a>\n\t\t<\/p>\n\t  \n   <\/div>\n\n   \t<div class=\"grid-img-container\">\n\t\t<a href=\"https:\/\/tableaineslaval.ca\/en\/organizer\/catal-comite-danimation-du-troisieme-age-de-laval\/\">\n\t\t<img decoding=\"async\" src=\"https:\/\/tableaineslaval.ca\/wp-content\/uploads\/2022\/05\/CATAl.png\">\n\t\t<\/a>\n\t<\/div>\n   \t\n<\/div><div class=\"services-grid-item\">\n\n   <div class=\"grid-body\">\n\t\t<p class=\"grid-title\">\n\t\t \t<a href=\"https:\/\/centredusablon.ca\/\" target=\"_blank\" class=\"m-0 p-0 cbp-l-grid-projects-title\" rel=\"noopener\">Centre du Sablon<\/a>\n\t\t<\/p>\n\t   \n\t\t<p class=\"grid-data\">\n\t\t Point de rep\u00e8re central pour la communaut\u00e9 de Chomedey, il combine un centre sportif et r\u00e9cr\u00e9atif offrant des activit\u00e9s aquatiques, sportives, communautaires et culturelles, une salle d'entra\u00eenement et un parc \u00e9cologique. Cet organisme d\u2019action communautaire autonome privil\u00e9gie le loisir communautaire comme moyen d\u2019intervention pour cr\u00e9er un milieu de vie favorisant la prise en charge par et pour l\u2019ensemble des citoyens.\t\t<\/p>\n\t   \n\t\t\n\t\t<p class=\"grid-data-set\">\n\t\t\t<a class=\"grid-data\" href=\"tel:450-688-8961\">\n\t\t\t\t<i class=\"fas fa-phone-volume\"><\/i>450-688-8961\t\t\t<\/a>\n\n\t\t\t<a class=\"grid-data\" href=\"https:\/\/centredusablon.ca\/\" target=\"_blank\" rel=\"noopener\">\n\t\t\t\t<i class=\"fas fa-globe\"><\/i>Voir le site web\n\t\t\t<\/a>\n\t\t<\/p>\n\t  \n   <\/div>\n\n   \t<div class=\"grid-img-container\">\n\t\t<a href=\"https:\/\/tableaineslaval.ca\/en\/organizer\/centre-du-sablon\/\">\n\t\t<img decoding=\"async\" src=\"https:\/\/tableaineslaval.ca\/wp-content\/uploads\/2023\/04\/CentreDuSablon-LogoCouleurs.jpg\">\n\t\t<\/a>\n\t<\/div>\n   \t\n<\/div><div class=\"services-grid-item\">\n\n   <div class=\"grid-body\">\n\t\t<p class=\"grid-title\">\n\t\t \t<a  target=\"_blank\" class=\"m-0 p-0 cbp-l-grid-projects-title\">Club de l&#8217;\u00e2ge d&#8217;or de Vimont<\/a>\n\t\t<\/p>\n\t   \n\t\t<p class=\"grid-data\">\n\t\t Le club de l'\u00e2ge d'or de Vimont accueille les personnes de 55 ans et plus et les invitent \u00e0 participer \u00e0 diff\u00e9rentes activit\u00e9s sociales et r\u00e9cr\u00e9atives telles jeux de cartes, p\u00e9tanque, whist militaire et beaucoup d'autres. Des d\u00eeners comunautaires font aussi partie de la programmation.\t\t<\/p>\n\t   \n\t\t\t\t   <p class=\"grid-data\">\n\t\t\t <i class=\"fas fa-map-marker-alt\"><\/i> 1900, rue B\u00e9dard, Laval, Qu\u00e9bec, H7M 2M7\t\t\t<\/p>\n\t   \n\t\t<p class=\"grid-data-set\">\n\t\t\t<a class=\"grid-data\" href=\"tel:450-490-9499\">\n\t\t\t\t<i class=\"fas fa-phone-volume\"><\/i>450-490-9499\t\t\t<\/a>\n\n\t\t\t<a class=\"grid-data\" href=\"\" target=\"_blank\">\n\t\t\t\t<i class=\"fas fa-globe\"><\/i>Voir le site web\n\t\t\t<\/a>\n\t\t<\/p>\n\t  \n   <\/div>\n\n   \t\n<\/div><div class=\"services-grid-item\">\n\n   <div class=\"grid-body\">\n\t\t<p class=\"grid-title\">\n\t\t \t<a href=\"https:\/\/www.manoirdesiles.com\/loisirs-et-activites-cami-\" target=\"_blank\" class=\"m-0 p-0 cbp-l-grid-projects-title\" rel=\"noopener\">Club des a\u00een\u00e9s du Manoir des \u00celes<\/a>\n\t\t<\/p>\n\t   \n\t\t<p class=\"grid-data\">\n\t\t Le Club des A\u00een\u00e9s du Manoir des \u00celes (CAMI) est un organisme \u00e0 but non lucratif (OBNL) qui a pour mission d'am\u00e9liorer la qualit\u00e9 de vie de ses membres r\u00e9sidents \u00e0 travers diff\u00e9rentes activit\u00e9s, ce qui favorise les \u00e9changes sociaux en \u00e9vitant l'isolement.\t\t<\/p>\n\t   \n\t\t\n\t\t<p class=\"grid-data-set\">\n\t\t\t<a class=\"grid-data\" href=\"tel:\">\n\t\t\t\t<i class=\"fas fa-phone-volume\"><\/i>\t\t\t<\/a>\n\n\t\t\t<a class=\"grid-data\" href=\"https:\/\/www.manoirdesiles.com\/loisirs-et-activites-cami-\" target=\"_blank\" rel=\"noopener\">\n\t\t\t\t<i class=\"fas fa-globe\"><\/i>Voir le site web\n\t\t\t<\/a>\n\t\t<\/p>\n\t  \n   <\/div>\n\n   \t<div class=\"grid-img-container\">\n\t\t<a href=\"https:\/\/tableaineslaval.ca\/en\/organizer\/club-des-aines-du-manoir-des-iles\/\">\n\t\t<img decoding=\"async\" src=\"https:\/\/tableaineslaval.ca\/wp-content\/uploads\/2023\/04\/CAMI-logo.jpg\">\n\t\t<\/a>\n\t<\/div>\n   \t\n<\/div><div class=\"services-grid-item\">\n\n   <div class=\"grid-body\">\n\t\t<p class=\"grid-title\">\n\t\t \t<a href=\"https:\/\/www.cdlchomedey.org\/\" target=\"_blank\" class=\"m-0 p-0 cbp-l-grid-projects-title\" rel=\"noopener\">Comit\u00e9 de d\u00e9veloppement local de Chomedey<\/a>\n\t\t<\/p>\n\t   \n\t\t<p class=\"grid-data\">\n\t\t The Comit\u00e9 de d\u00e9veloppement de Chomedey is the district's local inter-sectoral and multi-network consultation body, mobilizing community, school, early childhood, municipal and health organizations working on the territory, as well as local residents, to act collectively on Chomedey's local and social development.\t\t<\/p>\n\t   \n\t\t\n\t\t<p class=\"grid-data-set\">\n\t\t\t<a class=\"grid-data\" href=\"tel:450-688-9800\">\n\t\t\t\t<i class=\"fas fa-phone-volume\"><\/i>450-688-9800\t\t\t<\/a>\n\n\t\t\t<a class=\"grid-data\" href=\"https:\/\/www.cdlchomedey.org\/\" target=\"_blank\" rel=\"noopener\">\n\t\t\t\t<i class=\"fas fa-globe\"><\/i>Voir le site web\n\t\t\t<\/a>\n\t\t<\/p>\n\t  \n   <\/div>\n\n   \t<div class=\"grid-img-container\">\n\t\t<a href=\"https:\/\/tableaineslaval.ca\/en\/organizer\/comite-de-developpement-local-de-chomedey\/\">\n\t\t<img decoding=\"async\" src=\"https:\/\/tableaineslaval.ca\/wp-content\/uploads\/2024\/01\/CDLC-25-ans-1.jpeg\">\n\t\t<\/a>\n\t<\/div>\n   \t\n<\/div><div class=\"services-grid-item\">\n\n   <div class=\"grid-body\">\n\t\t<p class=\"grid-title\">\n\t\t \t<a href=\"https:\/\/www.formetavie.com\/\" target=\"_blank\" class=\"m-0 p-0 cbp-l-grid-projects-title\" rel=\"noopener\">Concertation Forme ta vie de Laval<\/a>\n\t\t<\/p>\n\t   \n\t\t<p class=\"grid-data\">\n\t\t La mission de la Concertation Forme ta vie est de favoriser le d\u00e9veloppement d\u2019actions concert\u00e9es et des initiatives visant l\u2019am\u00e9lioration de la qualit\u00e9 de vie et l\u2019\u00e9galit\u00e9 des chances des r\u00e9sidents des quartiers de l\u2019ouest de Laval.\t\t<\/p>\n\t   \n\t\t\n\t\t<p class=\"grid-data-set\">\n\t\t\t<a class=\"grid-data\" href=\"tel:450-314-1942\">\n\t\t\t\t<i class=\"fas fa-phone-volume\"><\/i>450-314-1942\t\t\t<\/a>\n\n\t\t\t<a class=\"grid-data\" href=\"https:\/\/www.formetavie.com\/\" target=\"_blank\" rel=\"noopener\">\n\t\t\t\t<i class=\"fas fa-globe\"><\/i>Voir le site web\n\t\t\t<\/a>\n\t\t<\/p>\n\t  \n   <\/div>\n\n   \t<div class=\"grid-img-container\">\n\t\t<a href=\"https:\/\/tableaineslaval.ca\/en\/organizer\/concertation-forme-ta-vie-de-laval\/\">\n\t\t<img decoding=\"async\" src=\"https:\/\/tableaineslaval.ca\/wp-content\/uploads\/2023\/03\/FormeTaVie_Logo.png\">\n\t\t<\/a>\n\t<\/div>\n   \t\n<\/div><div class=\"services-grid-item\">\n\n   <div class=\"grid-body\">\n\t\t<p class=\"grid-title\">\n\t\t \t<a href=\"https:\/\/www.mauv.ca\/\" target=\"_blank\" class=\"m-0 p-0 cbp-l-grid-projects-title\" rel=\"noopener\">MAUV (M\u00e9canisme pour A\u00een\u00e9s et Usagers Vuln\u00e9rables)<\/a>\n\t\t<\/p>\n\t   \n\t\t<p class=\"grid-data\">\n\t\t Le MAUV \u0153uvre \u00e0 informer, sensibiliser, conseiller, orienter, et accompagner en offrant des services adapt\u00e9s aux a\u00een\u00e9s proches aidants ou en situation de vuln\u00e9rabilit\u00e9 ou de perte d\u2019autonomie, qu\u2019elle soit permanente ou ponctuelle; physique, \u00e9motionnelle ou cognitive.\t\t<\/p>\n\t   \n\t\t\n\t\t<p class=\"grid-data-set\">\n\t\t\t<a class=\"grid-data\" href=\"tel:514-708-6288\">\n\t\t\t\t<i class=\"fas fa-phone-volume\"><\/i>514-708-6288\t\t\t<\/a>\n\n\t\t\t<a class=\"grid-data\" href=\"https:\/\/www.mauv.ca\/\" target=\"_blank\" rel=\"noopener\">\n\t\t\t\t<i class=\"fas fa-globe\"><\/i>Voir le site web\n\t\t\t<\/a>\n\t\t<\/p>\n\t  \n   <\/div>\n\n   \t<div class=\"grid-img-container\">\n\t\t<a href=\"https:\/\/tableaineslaval.ca\/en\/organizer\/mauv-mecanisme-pour-aines-et-usagers-vulnerables\/\">\n\t\t<img decoding=\"async\" src=\"https:\/\/tableaineslaval.ca\/wp-content\/uploads\/2022\/06\/MAUV-logo.png\">\n\t\t<\/a>\n\t<\/div>\n   \t\n<\/div><div class=\"services-grid-item\">\n\n   <div class=\"grid-body\">\n\t\t<p class=\"grid-title\">\n\t\t \t<a href=\"https:\/\/relais-communautaire.org\" target=\"_blank\" class=\"m-0 p-0 cbp-l-grid-projects-title\" rel=\"noopener\">Relais Communautaire de Laval<\/a>\n\t\t<\/p>\n\t   \n\t\t<p class=\"grid-data\">\n\t\t Le Relais Communautaire de Laval est un organisme communautaire autonome qui agit sur le territoire de Laval et qui vient en aide aux personnes en situation de vuln\u00e9rabilit\u00e9 ou en cheminement de r\u00e9int\u00e9gration sociale. L\u2019organisme s\u2019adresse prioritairement aux besoins essentiels de la personne, en offrant des services en s\u00e9curit\u00e9 alimentaire et en r\u00e9insertion. Il vise \u00e0 briser leur isolement et \u00e0 cheminer vers leur autonomie personnelle et financi\u00e8re.\t\t<\/p>\n\t   \n\t\t\n\t\t<p class=\"grid-data-set\">\n\t\t\t<a class=\"grid-data\" href=\"tel:450-668-8727\">\n\t\t\t\t<i class=\"fas fa-phone-volume\"><\/i>450-668-8727\t\t\t<\/a>\n\n\t\t\t<a class=\"grid-data\" href=\"https:\/\/relais-communautaire.org\" target=\"_blank\" rel=\"noopener\">\n\t\t\t\t<i class=\"fas fa-globe\"><\/i>Voir le site web\n\t\t\t<\/a>\n\t\t<\/p>\n\t  \n   <\/div>\n\n   \t<div class=\"grid-img-container\">\n\t\t<a href=\"https:\/\/tableaineslaval.ca\/en\/organizer\/relais-communautaire-de-laval\/\">\n\t\t<img decoding=\"async\" src=\"https:\/\/tableaineslaval.ca\/wp-content\/uploads\/2023\/06\/Logo_RCL.png.webp\">\n\t\t<\/a>\n\t<\/div>\n   \t\n<\/div><div class=\"services-grid-item\">\n\n   <div class=\"grid-body\">\n\t\t<p class=\"grid-title\">\n\t\t \t<a href=\"https:\/\/www.ropphl.org\/\" target=\"_blank\" class=\"m-0 p-0 cbp-l-grid-projects-title\" rel=\"noopener\">ROPPHL-Regroupement des organismes de promotion de personnes handicap\u00e9es de Laval<\/a>\n\t\t<\/p>\n\t   \n\t\t<p class=\"grid-data\">\n\t\t Le ROPPHL compte une trentaine d'organismes membres repr\u00e9sentant plus de 10 000 lavallois.es ayant des limitations fonctionnelles. Sa mission est de d\u00e9fendre et promouvoir les int\u00e9r\u00eat de ses organismes membres, favoriser la concertation sur des dossiers d'int\u00e9r\u00eat commun, cr\u00e9er des liens avec d'autres regroupements au Qu\u00e9bec et faire les repr\u00e9sentations n\u00e9cessaires aupr\u00e8s des diff\u00e9rentes autorit\u00e9s pour l'avancement de ses buts.\t\t<\/p>\n\t   \n\t\t\n\t\t<p class=\"grid-data-set\">\n\t\t\t<a class=\"grid-data\" href=\"tel:450-668-4836\">\n\t\t\t\t<i class=\"fas fa-phone-volume\"><\/i>450-668-4836\t\t\t<\/a>\n\n\t\t\t<a class=\"grid-data\" href=\"https:\/\/www.ropphl.org\/\" target=\"_blank\" rel=\"noopener\">\n\t\t\t\t<i class=\"fas fa-globe\"><\/i>Voir le site web\n\t\t\t<\/a>\n\t\t<\/p>\n\t  \n   <\/div>\n\n   \t<div class=\"grid-img-container\">\n\t\t<a href=\"https:\/\/tableaineslaval.ca\/en\/organizer\/ropphl-regroupement-des-organismes-de-promotion-de-personnes-handicapees-de-laval\/\">\n\t\t<img decoding=\"async\" src=\"https:\/\/tableaineslaval.ca\/wp-content\/uploads\/2023\/03\/logo-ROPPHL.jpg\">\n\t\t<\/a>\n\t<\/div>\n   \t\n<\/div>\t\t<div class=\"elementor-shortcode\"><div class=\"oragization-list-wrapper\"><\/div><\/div>\n\t\t\t\t\t\t<\/div>\n\t\t\t\t<\/div>\n\t\t\t\t<div class=\"elementor-element elementor-element-7e75260 elementor-invisible elementor-widget elementor-widget-heading\" data-id=\"7e75260\" data-element_type=\"widget\" data-e-type=\"widget\" data-settings=\"{&quot;_animation&quot;:&quot;fadeIn&quot;}\" data-widget_type=\"heading.default\">\n\t\t\t\t<div class=\"elementor-widget-container\">\n\t\t\t\t\t<h2 class=\"elementor-heading-title elementor-size-default\">Associate members<\/h2>\t\t\t\t<\/div>\n\t\t\t\t<\/div>\n\t\t\t\t<div class=\"elementor-element elementor-element-b8f4173 elementor-widget-divider--view-line elementor-widget elementor-widget-divider\" data-id=\"b8f4173\" data-element_type=\"widget\" data-e-type=\"widget\" data-widget_type=\"divider.default\">\n\t\t\t\t<div class=\"elementor-widget-container\">\n\t\t\t\t\t\t\t<div class=\"elementor-divider\">\n\t\t\t<span class=\"elementor-divider-separator\">\n\t\t\t\t\t\t<\/span>\n\t\t<\/div>\n\t\t\t\t\t\t<\/div>\n\t\t\t\t<\/div>\n\t\t\t\t<div class=\"elementor-element elementor-element-78bdec1 elementor-widget elementor-widget-shortcode\" data-id=\"78bdec1\" data-element_type=\"widget\" data-e-type=\"widget\" data-widget_type=\"shortcode.default\">\n\t\t\t\t<div class=\"elementor-widget-container\">\n\t\t\t\t\t<div class=\"services-grid-item\">\n\n   <div class=\"grid-body\">\n\t\t<p class=\"grid-title\">\n\t\t \t<a href=\"https:\/\/aprq.ca\/\" target=\"_blank\" class=\"m-0 p-0 cbp-l-grid-projects-title\" rel=\"noopener\">APRQ (Association de professionnelles et professionnels retrait\u00e9s du Qu\u00e9bec)<\/a>\n\t\t<\/p>\n\t   \n\t\t<p class=\"grid-data\">\n\t\t The APRQ is a non-profit, apolitical organization. Its main aim is to promote and defend the rights and interests of its members. The APRQ groups its members under two regional councils (including the Montreal council, which covers the Laval region) with a mandate to organize activities and facilitate associative life. It aims to be a crossroads for exchanges and services.\t\t<\/p>\n\t   \n\t\t\n\t\t<p class=\"grid-data-set\">\n\t\t\t<a class=\"grid-data\" href=\"tel:418-692-0022\">\n\t\t\t\t<i class=\"fas fa-phone-volume\"><\/i>418-692-0022\t\t\t<\/a>\n\n\t\t\t<a class=\"grid-data\" href=\"https:\/\/aprq.ca\/\" target=\"_blank\" rel=\"noopener\">\n\t\t\t\t<i class=\"fas fa-globe\"><\/i>Voir le site web\n\t\t\t<\/a>\n\t\t<\/p>\n\t  \n   <\/div>\n\n   \t<div class=\"grid-img-container\">\n\t\t<a href=\"https:\/\/tableaineslaval.ca\/en\/organizer\/aprq-association-de-professionnelles-et-professionnels-retraites-du-quebec\/\">\n\t\t<img decoding=\"async\" src=\"https:\/\/tableaineslaval.ca\/wp-content\/uploads\/2024\/01\/AQPR-logo.jpeg\">\n\t\t<\/a>\n\t<\/div>\n   \t\n<\/div><div class=\"services-grid-item\">\n\n   <div class=\"grid-body\">\n\t\t<p class=\"grid-title\">\n\t\t \t<a href=\"https:\/\/www.snqlaval.quebec\/\" target=\"_blank\" class=\"m-0 p-0 cbp-l-grid-projects-title\" rel=\"noopener\">Soci\u00e9t\u00e9 nationale du Qu\u00e9bec \u00e0 Laval (SNQ)<\/a>\n\t\t<\/p>\n\t   \n\t\t<p class=\"grid-data\">\n\t\t La mission de la Soci\u00e9t\u00e9 nationale du Qu\u00e9bec de Laval consiste \u00e0 organiser et soutenir la r\u00e9alisation d'activit\u00e9s civiques visant la promotion et la d\u00e9fense de l'identit\u00e9 qu\u00e9b\u00e9coise.\t\t<\/p>\n\t   \n\t\t\n\t\t<p class=\"grid-data-set\">\n\t\t\t<a class=\"grid-data\" href=\"tel:450-490-6178\">\n\t\t\t\t<i class=\"fas fa-phone-volume\"><\/i>450-490-6178\t\t\t<\/a>\n\n\t\t\t<a class=\"grid-data\" href=\"https:\/\/www.snqlaval.quebec\/\" target=\"_blank\" rel=\"noopener\">\n\t\t\t\t<i class=\"fas fa-globe\"><\/i>Voir le site web\n\t\t\t<\/a>\n\t\t<\/p>\n\t  \n   <\/div>\n\n   \t<div class=\"grid-img-container\">\n\t\t<a href=\"https:\/\/tableaineslaval.ca\/en\/organizer\/societe-nationale-du-quebec-a-laval-snq\/\">\n\t\t<img decoding=\"async\" src=\"https:\/\/tableaineslaval.ca\/wp-content\/uploads\/2024\/06\/Logo1_long_fond_bleu2.webp\">\n\t\t<\/a>\n\t<\/div>\n   \t\n<\/div>\t\t<div class=\"elementor-shortcode\"><div class=\"oragization-list-wrapper\"><\/div><\/div>\n\t\t\t\t\t\t<\/div>\n\t\t\t\t<\/div>\n\t\t\t\t\t<\/div>\n\t\t<\/div>\n\t\t\t\t\t<\/div>\n\t\t<\/section>\n\t\t\t\t<\/div>\n\t\t","protected":false},"excerpt":{"rendered":"<p>About the TRCAL About the TRCAL The TRCAL member organizations Associate members<\/p>\n","protected":false},"author":3,"featured_media":0,"parent":8771,"menu_order":0,"comment_status":"closed","ping_status":"closed","template":"","meta":{"_acf_changed":false,"site-sidebar-layout":"no-sidebar","site-content-layout":"page-builder","ast-site-content-layout":"default","site-content-style":"default","site-sidebar-style":"default","ast-global-header-display":"","ast-banner-title-visibility":"","ast-main-header-display":"","ast-hfb-above-header-display":"","ast-hfb-below-header-display":"","ast-hfb-mobile-header-display":"","site-post-title":"disabled","ast-breadcrumbs-content":"","ast-featured-img":"disabled","footer-sml-layout":"","ast-disable-related-posts":"","theme-transparent-header-meta":"enabled","adv-header-id-meta":"","stick-header-meta":"default","header-above-stick-meta":"","header-main-stick-meta":"","header-below-stick-meta":"","astra-migrate-meta-layouts":"default","ast-page-background-enabled":"default","ast-page-background-meta":{"desktop":{"background-color":"","background-image":"","background-repeat":"repeat","background-position":"center center","background-size":"auto","background-attachment":"scroll","background-type":"","background-media":"","overlay-type":"","overlay-color":"","overlay-opacity":"","overlay-gradient":""},"tablet":{"background-color":"","background-image":"","background-repeat":"repeat","background-position":"center center","background-size":"auto","background-attachment":"scroll","background-type":"","background-media":"","overlay-type":"","overlay-color":"","overlay-opacity":"","overlay-gradient":""},"mobile":{"background-color":"","background-image":"","background-repeat":"repeat","background-position":"center center","background-size":"auto","background-attachment":"scroll","background-type":"","background-media":"","overlay-type":"","overlay-color":"","overlay-opacity":"","overlay-gradient":""}},"ast-content-background-meta":{"desktop":{"background-color":"var(--ast-global-color-5)","background-image":"","background-repeat":"repeat","background-position":"center center","background-size":"auto","background-attachment":"scroll","background-type":"","background-media":"","overlay-type":"","overlay-color":"","overlay-opacity":"","overlay-gradient":""},"tablet":{"background-color":"var(--ast-global-color-5)","background-image":"","background-repeat":"repeat","background-position":"center center","background-size":"auto","background-attachment":"scroll","background-type":"","background-media":"","overlay-type":"","overlay-color":"","overlay-opacity":"","overlay-gradient":""},"mobile":{"background-color":"var(--ast-global-color-5)","background-image":"","background-repeat":"repeat","background-position":"center center","background-size":"auto","background-attachment":"scroll","background-type":"","background-media":"","overlay-type":"","overlay-color":"","overlay-opacity":"","overlay-gradient":""}},"_themeisle_gutenberg_block_has_review":false,"footnotes":""},"class_list":["post-8810","page","type-page","status-publish","hentry"],"acf":[],"_links":{"self":[{"href":"https:\/\/tableaineslaval.ca\/en\/wp-json\/wp\/v2\/pages\/8810","targetHints":{"allow":["GET"]}}],"collection":[{"href":"https:\/\/tableaineslaval.ca\/en\/wp-json\/wp\/v2\/pages"}],"about":[{"href":"https:\/\/tableaineslaval.ca\/en\/wp-json\/wp\/v2\/types\/page"}],"author":[{"embeddable":true,"href":"https:\/\/tableaineslaval.ca\/en\/wp-json\/wp\/v2\/users\/3"}],"replies":[{"embeddable":true,"href":"https:\/\/tableaineslaval.ca\/en\/wp-json\/wp\/v2\/comments?post=8810"}],"version-history":[{"count":14,"href":"https:\/\/tableaineslaval.ca\/en\/wp-json\/wp\/v2\/pages\/8810\/revisions"}],"predecessor-version":[{"id":14901,"href":"https:\/\/tableaineslaval.ca\/en\/wp-json\/wp\/v2\/pages\/8810\/revisions\/14901"}],"up":[{"embeddable":true,"href":"https:\/\/tableaineslaval.ca\/en\/wp-json\/wp\/v2\/pages\/8771"}],"wp:attachment":[{"href":"https:\/\/tableaineslaval.ca\/en\/wp-json\/wp\/v2\/media?parent=8810"}],"curies":[{"name":"wp","href":"https:\/\/api.w.org\/{rel}","templated":true}]}}